{"version":"1.0","provider_name":"Vereinigung Schweizerischer Unternehmensjuristinnen und Unternehmensjuristen (VSUJ)","provider_url":"https:\/\/vsuj.ch\/fr\/","author_name":"admin","author_url":"https:\/\/vsuj.ch\/fr\/author\/polaris_1811-1\/","title":"Demande d\u2019adh\u00e9sion individuelle - Vereinigung Schweizerischer Unternehmensjuristinnen und Unternehmensjuristen (VSUJ)","type":"rich","width":600,"height":338,"html":"<blockquote class=\"wp-embedded-content\" data-secret=\"qs7TbPWLSY\"><a href=\"https:\/\/vsuj.ch\/fr\/devenir-membre\/demande-dadhesion-individuelle\/\">Demande d\u2019adh\u00e9sion individuelle<\/a><\/blockquote><iframe sandbox=\"allow-scripts\" security=\"restricted\" src=\"https:\/\/vsuj.ch\/fr\/devenir-membre\/demande-dadhesion-individuelle\/embed\/#?secret=qs7TbPWLSY\" width=\"600\" height=\"338\" title=\"\u00ab\u00a0Demande d\u2019adh\u00e9sion individuelle\u00a0\u00bb &#8212; Vereinigung Schweizerischer Unternehmensjuristinnen und Unternehmensjuristen (VSUJ)\" data-secret=\"qs7TbPWLSY\" frameborder=\"0\" marginwidth=\"0\" marginheight=\"0\" scrolling=\"no\" class=\"wp-embedded-content\"><\/iframe><script type=\"text\/javascript\">\n\/* <![CDATA[ *\/\n\/*! This file is auto-generated *\/\n!function(d,l){\"use strict\";l.querySelector&&d.addEventListener&&\"undefined\"!=typeof URL&&(d.wp=d.wp||{},d.wp.receiveEmbedMessage||(d.wp.receiveEmbedMessage=function(e){var t=e.data;if((t||t.secret||t.message||t.value)&&!\/[^a-zA-Z0-9]\/.test(t.secret)){for(var s,r,n,a=l.querySelectorAll('iframe[data-secret=\"'+t.secret+'\"]'),o=l.querySelectorAll('blockquote[data-secret=\"'+t.secret+'\"]'),c=new RegExp(\"^https?:$\",\"i\"),i=0;i<o.length;i++)o[i].style.display=\"none\";for(i=0;i<a.length;i++)s=a[i],e.source===s.contentWindow&&(s.removeAttribute(\"style\"),\"height\"===t.message?(1e3<(r=parseInt(t.value,10))?r=1e3:~~r<200&&(r=200),s.height=r):\"link\"===t.message&&(r=new URL(s.getAttribute(\"src\")),n=new URL(t.value),c.test(n.protocol))&&n.host===r.host&&l.activeElement===s&&(d.top.location.href=t.value))}},d.addEventListener(\"message\",d.wp.receiveEmbedMessage,!1),l.addEventListener(\"DOMContentLoaded\",function(){for(var e,t,s=l.querySelectorAll(\"iframe.wp-embedded-content\"),r=0;r<s.length;r++)(t=(e=s[r]).getAttribute(\"data-secret\"))||(t=Math.random().toString(36).substring(2,12),e.src+=\"#?secret=\"+t,e.setAttribute(\"data-secret\",t)),e.contentWindow.postMessage({message:\"ready\",secret:t},\"*\")},!1)))}(window,document);\n\/\/# sourceURL=https:\/\/vsuj.ch\/wp-includes\/js\/wp-embed.min.js\n\/* ]]> *\/\n<\/script>\n","description":"Demande d\u2019adh\u00e9sion individuelle Je souhaite devenir membre de l\u2019Association Suisse des Juristes d\u2019Entreprise (ASJE). Titre acad\u00e9mique Pr\u00e9nom * Nom * Entreprise Fonction dans l\u2019entreprise Ma t\u00e2che principale dans l\u2019entreprise est le traitement des questions juridiques pour l\u2019entreprise mentionn\u00e9e ci-dessus\u00a0: * Oui Non Adresse e-mail professionnelle * Adresse e-mail priv\u00e9e Correspondez \u00e0 l&rsquo;adresse suivante E-Mail gesch\u00e4ftlichE-Mail [&hellip;]","thumbnail_url":"https:\/\/vsuj.ch\/wp-content\/uploads\/2025\/04\/bg-parallax-image_vsuj-vorstand_x1-5-scaled-e1745583787846.webp","thumbnail_width":2480,"thumbnail_height":1706}